{"id":2009,"date":"2021-04-01T23:00:00","date_gmt":"2021-04-02T03:00:00","guid":{"rendered":"https:\/\/www.aclu-ms.org\/inalienable-acceso-localizaciones-sensibles\/"},"modified":"2021-04-01T23:00:00","modified_gmt":"2021-04-02T03:00:00","slug":"inalienable-acceso-localizaciones-sensibles","status":"publish","type":"page","link":"https:\/\/www.aclu-ms.org\/es\/inalienable-acceso-localizaciones-sensibles\/","title":{"rendered":"Inalienable: Acceso a Localizaciones Sensibles"},"content":{"rendered":"<p style=\"line-height:1.38\"><span style=\"font-size:11.5pt; font-variant:normal; white-space:pre-wrap\"><span style=\"font-family:Georgia\"><span style=\"color:#000000\"><span style=\"font-weight:400\"><span style=\"font-style:normal\"><span style=\"text-decoration:none\">Publicado en el 2011 y confirmado en el 2017, la<\/span><\/span><\/span><\/span><\/span><\/span><a href=\"https:\/\/www.ice.gov\/doclib\/ero-outreach\/pdf\/10029.2-policy.pdf\" style=\"text-decoration:none\"><span style=\"font-size:11.5pt; font-variant:normal; white-space:pre-wrap\"><span style=\"font-family:Georgia\"><span style=\"color:#000000\"><span style=\"font-weight:400\"><span style=\"font-style:normal\"><span style=\"text-decoration:none\"> <\/span><\/span><\/span><\/span><\/span><\/span><span style=\"font-size:11.5pt; font-variant:normal; white-space:pre-wrap\"><span style=\"font-family:Georgia\"><span style=\"color:#1155cc\"><span style=\"font-weight:400\"><span style=\"font-style:normal\"><span style=\"text-decoration:underline\"><span style=\"-webkit-text-decoration-skip:none\"><span style=\"text-decoration-skip-ink:none\">pol\u00edtica de localizaciones sensibles<\/span><\/span><\/span><\/span><\/span><\/span><\/span><\/span><\/a><span style=\"font-size:11.5pt; font-variant:normal; white-space:pre-wrap\"><span style=\"font-family:Georgia\"><span style=\"color:#000000\"><span style=\"font-weight:400\"><span style=\"font-style:normal\"><span style=\"text-decoration:none\"> que rige al Immigrations and Customs Enforcement (ICE) o el Servicio de inmigraci\u00f3n y aduanas proh\u00edbe que la agencia disponga de sus acciones coercidas en \u201clocalizaciones sensibles\u201d. Estas incluyen escuelas, lugares de culto, demonstraciones y hospitales, a menos que hayan \u201ccircunstancias extraordinarias\u201d. La protecci\u00f3n de las localizaciones sensibles de acciones coercidas de parte del servicio de inmigraci\u00f3n no es solamente importante para la supervivencia de las comunidades de inmigrantes, pero tambi\u00e9n para la identidad de este pa\u00eds como un refugio para aquellos que buscan una mejor vida.<\/span><\/span><\/span><\/span><\/span><\/span><\/p>\n<p style=\"line-height:1.38\"><span style=\"font-size:11.5pt; font-variant:normal; white-space:pre-wrap\"><span style=\"font-family:Georgia\"><span style=\"color:#000000\"><span style=\"font-weight:400\"><span style=\"font-style:normal\"><span style=\"text-decoration:none\">A\u00fan con estas pol\u00edticas y principios, hay un historial documentado de acciones coercidas de parte del Servicio de inmigraci\u00f3n que<\/span><\/span><\/span><\/span><\/span><\/span><a href=\"https:\/\/www.nhregister.com\/news\/article\/Blumenthal-pushes-to-protect-sensitive-12294845.php\" style=\"text-decoration:none\"><span style=\"font-size:11.5pt; font-variant:normal; white-space:pre-wrap\"><span style=\"font-family:Georgia\"><span style=\"color:#000000\"><span style=\"font-weight:400\"><span style=\"font-style:normal\"><span style=\"text-decoration:none\"> <\/span><\/span><\/span><\/span><\/span><\/span><span style=\"font-size:11.5pt; font-variant:normal; white-space:pre-wrap\"><span style=\"font-family:Georgia\"><span style=\"color:#1155cc\"><span style=\"font-weight:400\"><span style=\"font-style:normal\"><span style=\"text-decoration:underline\"><span style=\"-webkit-text-decoration-skip:none\"><span style=\"text-decoration-skip-ink:none\">violan<\/span><\/span><\/span><\/span><\/span><\/span><\/span><\/span><\/a><span style=\"font-size:11.5pt; font-variant:normal; white-space:pre-wrap\"><span style=\"font-family:Georgia\"><span style=\"color:#000000\"><span style=\"font-weight:400\"><span style=\"font-style:normal\"><span style=\"text-decoration:none\"> la promesa de respetar estas localizaciones. Por ejemplo, seis hombres fueron detenidos en Virginia mientras se iban de un albergue religioso para los desamparados. Otros ejemplos incluyen a una mujer texana que fue arrestada en el hospital aun cuando sufr\u00eda de un tumor cerebral y a un padre de Los \u00c1ngeles que fue arrestado mientras dejaba a su hija en la escuela. Este patr\u00f3n empeora a\u00fan m\u00e1s cuando se involucra la polic\u00eda local. Por ejemplo, al entrar en los acuerdos 287(g), oficiales de la polic\u00eda en<\/span><\/span><\/span><\/span><\/span><\/span><a href=\"https:\/\/www.researchgate.net\/publication\/280234453_The_287g_Program_The_Costs_and_Consequences_of_Local_Immigration_Enforcement_in_North_Carolina_Communities\" style=\"text-decoration:none\"><span style=\"font-size:11.5pt; font-variant:normal; white-space:pre-wrap\"><span style=\"font-family:Georgia\"><span style=\"color:#000000\"><span style=\"font-weight:400\"><span style=\"font-style:normal\"><span style=\"text-decoration:none\"> <\/span><\/span><\/span><\/span><\/span><\/span><span style=\"font-size:11.5pt; font-variant:normal; white-space:pre-wrap\"><span style=\"font-family:Georgia\"><span style=\"color:#1155cc\"><span style=\"font-weight:400\"><span style=\"font-style:normal\"><span style=\"text-decoration:underline\"><span style=\"-webkit-text-decoration-skip:none\"><span style=\"text-decoration-skip-ink:none\">Carolina del Norte<\/span><\/span><\/span><\/span><\/span><\/span><\/span><\/span><\/a><span style=\"font-size:11.5pt; font-variant:normal; white-space:pre-wrap\"><span style=\"font-family:Georgia\"><span style=\"color:#000000\"><span style=\"font-weight:400\"><span style=\"font-style:normal\"><span style=\"text-decoration:none\"> fueron grabados investigando cl\u00ednicas de salud en busca de pacientes indocumentados.<\/span><\/span><\/span><\/span><\/span><\/span><\/p>\n<p style=\"line-height:1.38\"><span style=\"font-size:11.5pt; font-variant:normal; white-space:pre-wrap\"><span style=\"font-family:Georgia\"><span style=\"color:#000000\"><span style=\"font-weight:400\"><span style=\"font-style:normal\"><span style=\"text-decoration:none\">Este documento sobre las pol\u00edticas de inmigraci\u00f3n resalta los obst\u00e1culos que previenen que inmigrantes de Mississippi puedan acceder a localizaciones sensibles. Mientras este documento se especializa en las facilidades m\u00e9dicas, hay muchos m\u00e1s lugares \u201cseguros\u201d que se mantienen inaccesibles para la comunidad. Al abordar en algunos casos en particulares, este escrito ofrece algunas recomendaciones acerca de lo que puede ser implementado para asegurar que las realidades vividas se asemejen a las pol\u00edticas y acciones coercidas de parte del Servicio de inmigraci\u00f3n.<\/span><\/span><\/span><\/span><\/span><\/span><\/p>\n<h2>OBSTACULOS PARA CUIDADO MEDICO<\/h2>\n<p><span style=\"font-size:11.5pt; font-variant:normal; white-space:pre-wrap\"><span style=\"font-family:Georgia\"><span style=\"color:#000000\"><span style=\"font-weight:400\"><span style=\"font-style:normal\"><span style=\"text-decoration:none\">El 1 de febrero del 2021, el Departamento de Seguridad Nacional o Department of Homeland Security (DHS) lanzo p\u00fablicamente una<\/span><\/span><\/span><\/span><\/span><\/span><a href=\"https:\/\/www.dhs.gov\/news\/2021\/02\/01\/dhs-statement-equal-access-covid-19-vaccines-and-vaccine-distribution-sites\" style=\"text-decoration:none\"><span style=\"font-size:11.5pt; font-variant:normal; white-space:pre-wrap\"><span style=\"font-family:Georgia\"><span style=\"color:#000000\"><span style=\"font-weight:400\"><span style=\"font-style:normal\"><span style=\"text-decoration:none\"> <\/span><\/span><\/span><\/span><\/span><\/span><span style=\"font-size:11.5pt; font-variant:normal; white-space:pre-wrap\"><span style=\"font-family:Georgia\"><span style=\"color:#1155cc\"><span style=\"font-weight:400\"><span style=\"font-style:normal\"><span style=\"text-decoration:underline\"><span style=\"-webkit-text-decoration-skip:none\"><span style=\"text-decoration-skip-ink:none\">declaraci\u00f3n<\/span><\/span><\/span><\/span><\/span><\/span><\/span><\/span><\/a><span style=\"font-size:11.5pt; font-variant:normal; white-space:pre-wrap\"><span style=\"font-family:Georgia\"><span style=\"color:#000000\"><span style=\"font-weight:400\"><span style=\"font-style:normal\"><span style=\"text-decoration:none\"> donde afirm\u00f3 que no habr\u00eda acciones coercidas de parte del Servicio de inmigraci\u00f3n en los centros de vacunaci\u00f3n. Esto se debe a que sigue con la pol\u00edtica de evitar localizaciones sensibles. En sus palabras: \u201cEs una obligaci\u00f3n moral y para la salud publica que se garantice la vacunaci\u00f3n de todos los individuos que residen en los Estados Unidos\u201d. Este no es un compromiso ligero, ya que la comunidad indocumentada de Mississippi (de los cuales muchos son hispanos) se ha enfrentado este \u00faltimo a\u00f1o con riesgos y sufrimientos desproporcionados a la poblaci\u00f3n general.<\/span><\/span><\/span><\/span><\/span><\/span><\/p>\n<p style=\"line-height:1.38\"><span style=\"font-size:11.5pt; font-variant:normal; white-space:pre-wrap\"><span style=\"font-family:Georgia\"><span style=\"color:#000000\"><span style=\"font-weight:400\"><span style=\"font-style:normal\"><span style=\"text-decoration:none\">Seg\u00fan datos del Centro para el Control y la Prevenci\u00f3n de Enfermedades o Centers for Disease Control and Prevention (CDC), la comunidad hispana tiene una tasa de casos, hospitalizaciones y muertes por el COVID-19<\/span><\/span><\/span><\/span><\/span><\/span><a href=\"https:\/\/www.cdc.gov\/coronavirus\/2019-ncov\/covid-data\/investigations-discovery\/hospitalization-death-by-race-ethnicity.html\" style=\"text-decoration:none\"><span style=\"font-size:11.5pt; font-variant:normal; white-space:pre-wrap\"><span style=\"font-family:Georgia\"><span style=\"color:#000000\"><span style=\"font-weight:400\"><span style=\"font-style:normal\"><span style=\"text-decoration:none\"> <\/span><\/span><\/span><\/span><\/span><\/span><span style=\"font-size:11.5pt; font-variant:normal; white-space:pre-wrap\"><span style=\"font-family:Georgia\"><span style=\"color:#1155cc\"><span style=\"font-weight:400\"><span style=\"font-style:normal\"><span style=\"text-decoration:underline\"><span style=\"-webkit-text-decoration-skip:none\"><span style=\"text-decoration-skip-ink:none\">mayor<\/span><\/span><\/span><\/span><\/span><\/span><\/span><\/span><\/a><span style=\"font-size:11.5pt; font-variant:normal; white-space:pre-wrap\"><span style=\"font-family:Georgia\"><span style=\"color:#000000\"><span style=\"font-weight:400\"><span style=\"font-style:normal\"><span style=\"text-decoration:none\"> a cualquier otro grupo \u00e9tnico en los Estados Unidos, excepto la comunidad ind\u00edgena-americana. Esta realidad corresponde a un sinn\u00famero de factores que afectan desproporcionalmente a inmigrantes y a la comunidad hispana. Casi 1 de cinco<\/span><\/span><\/span><\/span><\/span><\/span><a href=\"https:\/\/www.fwd.us\/news\/immigrant-essential-workers\/\" style=\"text-decoration:none\"><span style=\"font-size:11.5pt; font-variant:normal; white-space:pre-wrap\"><span style=\"font-family:Georgia\"><span style=\"color:#000000\"><span style=\"font-weight:400\"><span style=\"font-style:normal\"><span style=\"text-decoration:none\"> <\/span><\/span><\/span><\/span><\/span><\/span><span style=\"font-size:11.5pt; font-variant:normal; white-space:pre-wrap\"><span style=\"font-family:Georgia\"><span style=\"color:#1155cc\"><span style=\"font-weight:400\"><span style=\"font-style:normal\"><span style=\"text-decoration:underline\"><span style=\"-webkit-text-decoration-skip:none\"><span style=\"text-decoration-skip-ink:none\">trabajadores esenciales<\/span><\/span><\/span><\/span><\/span><\/span><\/span><\/span><\/a><span style=\"font-size:11.5pt; font-variant:normal; white-space:pre-wrap\"><span style=\"font-family:Georgia\"><span style=\"color:#000000\"><span style=\"font-weight:400\"><span style=\"font-style:normal\"><span style=\"text-decoration:none\"> en los Estados Unidos son inmigrantes. Adem\u00e1s, casi el 70% de todos los inmigrantes indocumentados tienen trabajos de primera l\u00ednea en industrias esenciales. De estos,<\/span><\/span><\/span><\/span><\/span><\/span><a href=\"https:\/\/docs.house.gov\/meetings\/JU\/JU01\/20200923\/111028\/HHRG-116-JU01-Wstate-JawetzT-20200923.pdf\" style=\"text-decoration:none\"><span style=\"font-size:11.5pt; font-variant:normal; white-space:pre-wrap\"><span style=\"font-family:Georgia\"><span style=\"color:#000000\"><span style=\"font-weight:400\"><span style=\"font-style:normal\"><span style=\"text-decoration:none\"> <\/span><\/span><\/span><\/span><\/span><\/span><span style=\"font-size:11.5pt; font-variant:normal; white-space:pre-wrap\"><span style=\"font-family:Georgia\"><span style=\"color:#1155cc\"><span style=\"font-weight:400\"><span style=\"font-style:normal\"><span style=\"text-decoration:underline\"><span style=\"-webkit-text-decoration-skip:none\"><span style=\"text-decoration-skip-ink:none\">sobre 400,000<\/span><\/span><\/span><\/span><\/span><\/span><\/span><\/span><\/a><span style=\"font-size:11.5pt; font-variant:normal; white-space:pre-wrap\"><span style=\"font-family:Georgia\"><span style=\"color:#000000\"><span style=\"font-weight:400\"><span style=\"font-style:normal\"><span style=\"text-decoration:none\"> son proveedores de salud. Muchos son empleados por fabricas donde el distanciamiento social es muy dif\u00edcil o imposible.<\/span><\/span><\/span><\/span><\/span><\/span><span style=\"font-size:11.5pt; font-variant:normal; white-space:pre-wrap\"><span style=\"font-family:Georgia\"><span style=\"color:#000000\"><span style=\"font-weight:400\"><span style=\"font-style:normal\"><span style=\"text-decoration:none\">&nbsp;<\/span><\/span><\/span><\/span><\/span><\/span><\/p>\n<p style=\"line-height:1.38\"><span style=\"font-size:11.5pt; font-variant:normal; white-space:pre-wrap\"><span style=\"font-family:Georgia\"><span style=\"color:#000000\"><span style=\"font-weight:400\"><span style=\"font-style:normal\"><span style=\"text-decoration:none\">Esta comunidad sufre de una falta de seguros de salud generalizada, por lo que se debe mayormente al estatus migratorio de sus miembros. El Instituto de Pol\u00edtica Migratoria<\/span><\/span><\/span><\/span><\/span><\/span><a href=\"https:\/\/www.migrationpolicy.org\/data\/unauthorized-immigrant-population-preview\/state\/MS\" style=\"text-decoration:none\"><span style=\"font-size:11.5pt; font-variant:normal; white-space:pre-wrap\"><span style=\"font-family:Georgia\"><span style=\"color:#000000\"><span style=\"font-weight:400\"><span style=\"font-style:normal\"><span style=\"text-decoration:none\"> <\/span><\/span><\/span><\/span><\/span><\/span><span style=\"font-size:11.5pt; font-variant:normal; white-space:pre-wrap\"><span style=\"font-family:Georgia\"><span style=\"color:#1155cc\"><span style=\"font-weight:400\"><span style=\"font-style:normal\"><span style=\"text-decoration:underline\"><span style=\"-webkit-text-decoration-skip:none\"><span style=\"text-decoration-skip-ink:none\">estima<\/span><\/span><\/span><\/span><\/span><\/span><\/span><\/span><\/a><span style=\"font-size:11.5pt; font-variant:normal; white-space:pre-wrap\"><span style=\"font-family:Georgia\"><span style=\"color:#000000\"><span style=\"font-weight:400\"><span style=\"font-style:normal\"><span style=\"text-decoration:none\"> que un 75% de la poblaci\u00f3n indocumentada en Mississippi no son asegurados y que casi un 40% vive debajo de la l\u00ednea de pobreza. A\u00fan cuando los centros de vacunaci\u00f3n y pruebas<\/span><\/span><\/span><\/span><\/span><\/span><a href=\"https:\/\/www.cdc.gov\/coronavirus\/2019-ncov\/vaccines\/faq.html#:~:text=Vaccine%20doses%20purchased%20with%20US,the%20shot%20to%20someone\" style=\"text-decoration:none\"><span style=\"font-size:11.5pt; font-variant:normal; white-space:pre-wrap\"><span style=\"font-family:Georgia\"><span style=\"color:#000000\"><span style=\"font-weight:400\"><span style=\"font-style:normal\"><span style=\"text-decoration:none\"> <\/span><\/span><\/span><\/span><\/span><\/span><span style=\"font-size:11.5pt; font-variant:normal; white-space:pre-wrap\"><span style=\"font-family:Georgia\"><span style=\"color:#1155cc\"><span style=\"font-weight:400\"><span style=\"font-style:normal\"><span style=\"text-decoration:underline\"><span style=\"-webkit-text-decoration-skip:none\"><span style=\"text-decoration-skip-ink:none\">no cobran<\/span><\/span><\/span><\/span><\/span><\/span><\/span><\/span><\/a><span style=\"font-size:11.5pt; font-variant:normal; white-space:pre-wrap\"><span style=\"font-family:Georgia\"><span style=\"color:#000000\"><span style=\"font-weight:400\"><span style=\"font-style:normal\"><span style=\"text-decoration:none\">, gastos de transportaci\u00f3n y tasas administrativas impiden a muchos de acceder estos recursos.<\/span><\/span><\/span><\/span><\/span><\/span><span style=\"font-size:11.5pt; font-variant:normal; white-space:pre-wrap\"><span style=\"font-family:Georgia\"><span style=\"color:#000000\"><span style=\"font-weight:400\"><span style=\"font-style:normal\"><span style=\"text-decoration:none\">&nbsp;<\/span><\/span><\/span><\/span><\/span><\/span><\/p>\n<p style=\"line-height:1.38\"><span style=\"font-size:11.5pt; font-variant:normal; white-space:pre-wrap\"><span style=\"font-family:Georgia\"><span style=\"color:#000000\"><span style=\"font-weight:400\"><span style=\"font-style:normal\"><span style=\"text-decoration:none\">La pol\u00edtica de vacunaci\u00f3n del DHS sugiere que los funcionarios de gobierno garanticen que la recuperaci\u00f3n de los Estados Unidos del COVID-19 incluyan a los inmigrantes indocumentados. Adem\u00e1s, las experiencias vividas por esta comunidad durante esta pandemia enfatizan la responsabilidad del gobierno en comprometerse a esto. De igual manera, se necesita que las barreras sist\u00e9micas que crean obst\u00e1culos particulares para el acceso a cuidado m\u00e9dico de inmigrantes en Mississippi sean los primeros que sean abordado.<\/span><\/span><\/span><\/span><\/span><\/span><br \/>&nbsp;<\/p>\n<h2 style=\"line-height: 1.38;\"><span style=\"color: rgb(0, 0, 0); font-family: Arial; font-size: 10pt; white-space: pre-wrap;\">OTROS LUGARES PROTEGIDOS<\/span><\/h2>\n<p style=\"line-height:1.38\"><span style=\"font-size:11.5pt; font-variant:normal; white-space:pre-wrap\"><span style=\"font-family:Georgia\"><span style=\"color:#000000\"><span style=\"font-weight:400\"><span style=\"font-style:normal\"><span style=\"text-decoration:none\">Los lugares m\u00e9dicos no son las \u00fanicas localizaciones sensibles que tiene un historial reciente muy agresivo con las acciones coercidas de parte del servicio de inmigraci\u00f3n que interfieren con las vidas de inmigrantes. Esther tiene muchas memorias del miedo que sent\u00eda en la comunidad hispana mientras crec\u00eda en Pearl. \u201cMe acuerdo de que el numero de feligreses disminu\u00eda mucho\u2026 porque hab\u00eda el miedo de que \u2018si voy a la iglesia, hay una posibilidad que me pare la polic\u00eda y me reporten a ICE\u2019\u201d. Contrario a la pol\u00edtica de ICE, muchos de estos miedos se materializaban. \u201cmuchas personas iban a la iglesia y en cuanto sal\u00edan del servicio religioso, los paraba la polic\u00eda, los deten\u00eda ICE y antes de que supieras, te deportan a tu pa\u00eds de origen,\u201d cuenta Esther.<\/span><\/span><\/span><\/span><\/span><\/span><\/p>\n<p style=\"line-height:1.38\"><span style=\"font-size:11.5pt; font-variant:normal; white-space:pre-wrap\"><span style=\"font-family:Georgia\"><span style=\"color:#000000\"><span style=\"font-weight:400\"><span style=\"font-style:normal\"><span style=\"text-decoration:none\">\u201cYo me acuerdo ser chiquita y estar aterrorizada de \u201c\u00bfqu\u00e9 pasar\u00eda con mi familia? \u00bfA d\u00f3nde ir\u00edan mis padres? \u00bfA d\u00f3nde yo ir\u00eda?\u201d Lorena tambi\u00e9n se acuerda de aquel tiempo en que ICE estaba muy activo en sus arrestos en la comunidad hispana. Ella se acuerda cuando su hijo, a\u00fan cuando ella tiene ciudadan\u00eda, le pregunto, \u201cMam\u00e1, \u00bfque pasar\u00eda si te deportaran?\u201d<\/span><\/span><\/span><\/span><\/span><\/span><\/p>\n<p style=\"line-height:1.38\"><span style=\"font-size:11.5pt; font-variant:normal; white-space:pre-wrap\"><span style=\"font-family:Georgia\"><span style=\"color:#000000\"><span style=\"font-weight:400\"><span style=\"font-style:normal\"><span style=\"text-decoration:none\">El costo de estas acciones coercidas de parte del servicio de inmigraci\u00f3n es muy alto y muchas de las veces recaen en los j\u00f3venes, lo que garantiza un da\u00f1o psicol\u00f3gico intergeneracional. La<\/span><\/span><\/span><\/span><\/span><\/span><a href=\"https:\/\/cmsny.org\/publications\/warren-usbornchildren\/\" style=\"text-decoration:none\"><span style=\"font-size:11.5pt; font-variant:normal; white-space:pre-wrap\"><span style=\"font-family:Georgia\"><span style=\"color:#000000\"><span style=\"font-weight:400\"><span style=\"font-style:normal\"><span style=\"text-decoration:none\"> <\/span><\/span><\/span><\/span><\/span><\/span><span style=\"font-size:11.5pt; font-variant:normal; white-space:pre-wrap\"><span style=\"font-family:Georgia\"><span style=\"color:#1155cc\"><span style=\"font-weight:400\"><span style=\"font-style:normal\"><span style=\"text-decoration:underline\"><span style=\"-webkit-text-decoration-skip:none\"><span style=\"text-decoration-skip-ink:none\">data<\/span><\/span><\/span><\/span><\/span><\/span><\/span><\/span><\/a><span style=\"font-size:11.5pt; font-variant:normal; white-space:pre-wrap\"><span style=\"font-family:Georgia\"><span style=\"color:#000000\"><span style=\"font-weight:400\"><span style=\"font-style:normal\"><span style=\"text-decoration:none\"> recopilada por el Centro de Estudios Migratorios sugiere que sobre 5 millones de ni\u00f1os nacidos en los Estados Unidos viven con padres indocumentados. Los pediatras<\/span><\/span><\/span><\/span><\/span><\/span><a href=\"https:\/\/www.kff.org\/report-section\/living-in-an-immigrant-family-in-america-issue-brief\/\" style=\"text-decoration:none\"><span style=\"font-size:11.5pt; font-variant:normal; white-space:pre-wrap\"><span style=\"font-family:Georgia\"><span style=\"color:#000000\"><span style=\"font-weight:400\"><span style=\"font-style:normal\"><span style=\"text-decoration:none\"> <\/span><\/span><\/span><\/span><\/span><\/span><span style=\"font-size:11.5pt; font-variant:normal; white-space:pre-wrap\"><span style=\"font-family:Georgia\"><span style=\"color:#1155cc\"><span style=\"font-weight:400\"><span style=\"font-style:normal\"><span style=\"text-decoration:underline\"><span style=\"-webkit-text-decoration-skip:none\"><span style=\"text-decoration-skip-ink:none\">advierten<\/span><\/span><\/span><\/span><\/span><\/span><\/span><\/span><\/a><span style=\"font-size:11.5pt; font-variant:normal; white-space:pre-wrap\"><span style=\"font-family:Georgia\"><span style=\"color:#000000\"><span style=\"font-weight:400\"><span style=\"font-style:normal\"><span style=\"text-decoration:none\"> que todos ellos est\u00e1n en riesgo de desarrollar \u201cestr\u00e9s toxico\u201d por el miedo sobre el estatus migratorio y por el aislamiento. Las familias no solamente se abstienen de ir a la iglesia, pero, seg\u00fan Esther, muchos padres titubean en matricular a sus hijos en la escuela por miedo de que sean identificados por su estatus migratorio. Para los miembros de la comunidad que est\u00e1n matriculados, muchos de ellos tienen que balancear sus responsabilidades acad\u00e9micas y los efectos psicol\u00f3gicos que sufrieron despu\u00e9s de la redada del 2019. Por ejemplo, algunos estudiantes luchan con mantenerse despiertos en las clases, ya que trabajan horas nocturnas en las fabricas de pollo. Esto lo m\u00e1s seguro se debe a que estas deportaciones en masa les robo a muchas familias de sus sustentadores econ\u00f3micos principales (por lo cual muchos ni\u00f1os fueron los remplazos).<\/span><\/span><\/span><\/span><\/span><\/span><\/p>\n<p style=\"line-height:1.38\"><span style=\"font-size:11.5pt; font-variant:normal; white-space:pre-wrap\"><span style=\"font-family:Georgia\"><span style=\"color:#000000\"><span style=\"font-weight:400\"><span style=\"font-style:normal\"><span style=\"text-decoration:none\">Aun cuando cualquier pol\u00edtica de ICE o el memo de DHS sugiere otras realidades, los a\u00f1os de ataques dirigidos a las comunidades inmigrantes han obstruido el acceso a localizaciones sensibles. Por lo cual, se necesitan acciones m\u00e1s robustas para resolver estas circunstancias.<\/span><\/span><\/span><\/span><\/span><\/span><\/p>\n<p><a href=\"https:\/\/www.aclu-ms.org\/app\/uploads\/drupal\/sites\/default\/files\/spanish_sensitive_locations.pdf\">Para ver el resumen completo, haga clic aqu\u00ed.<\/a><\/p>\n<hr>\n<h2>RECOMENDACIONES<\/h2>\n<h3><em>Para organismos estatales y locales<\/em><\/h3>\n<ul>\n<li><span style=\"font-size:11.5pt; font-variant:normal; white-space:pre-wrap\"><span style=\"font-family:Georgia\"><span style=\"color:#000000\"><span style=\"font-weight:400\"><span style=\"font-style:normal\"><span style=\"text-decoration:none\">Promover diversidad e inclusi\u00f3n a trav\u00e9s de sitios m\u00e9dicos, incluyendo cl\u00ednicas privadas y facilidades rurales<\/span><\/span><\/span><\/span><\/span><\/span>\n<ul>\n<li><span style=\"font-size:11.5pt; font-variant:normal; white-space:pre-wrap\"><span style=\"font-family:Georgia\"><span style=\"color:#000000\"><span style=\"font-weight:400\"><span style=\"font-style:normal\"><span style=\"text-decoration:none\">\u200b\u200b\u200b\u200b\u200b\u200b\u200bLlevar a cabo entrenamientos de aptitud cultural liderados por la comunidad dirigidos a todos los proveedores de salud<\/span><\/span><\/span><\/span><\/span><\/span><\/li>\n<li><span style=\"font-size:11.5pt; font-variant:normal; white-space:pre-wrap\"><span style=\"font-family:Georgia\"><span style=\"color:#000000\"><span style=\"font-weight:400\"><span style=\"font-style:normal\"><span style=\"text-decoration:none\">Contratar interpretes comunitarios y publicar que los servicios de traducci\u00f3n est\u00e1n disponibles y libres de costo<\/span><\/span><\/span><\/span><\/span><\/span><\/li>\n<li><span style=\"font-size:11.5pt; font-variant:normal; white-space:pre-wrap\"><span style=\"font-family:Georgia\"><span style=\"color:#000000\"><span style=\"font-weight:400\"><span style=\"font-style:normal\"><span style=\"text-decoration:none\">Implementar pol\u00edticas que atraigan proveedores de salud multiling\u00fces e inmigrantes, incluyendo la admisi\u00f3n y autorizaci\u00f3n de estudiantes de medicina sin importar su ciudadan\u00eda<\/span><\/span><\/span><\/span><\/span><\/span><\/li>\n<\/ul>\n<\/li>\n<li><span style=\"font-size:11.5pt; font-variant:normal; white-space:pre-wrap\"><span style=\"font-family:Georgia\"><span style=\"color:#000000\"><span style=\"font-weight:400\"><span style=\"font-style:normal\"><span style=\"text-decoration:none\">Asegurar responsabilidad<\/span><\/span><\/span><\/span><\/span><\/span>\n<ul>\n<li><span style=\"font-size:11.5pt; font-variant:normal; white-space:pre-wrap\"><span style=\"font-family:Georgia\"><span style=\"color:#000000\"><span style=\"font-weight:400\"><span style=\"font-style:normal\"><span style=\"text-decoration:none\">\u200b\u200b\u200b\u200b\u200b\u200b\u200b\u200b\u200b\u200b\u200b\u200b\u200b\u200bCrear sistemas seguros y confiables para reportar cualquier discriminaci\u00f3n por parte de proveedores de salud y atender cualquier preocupaci\u00f3n que tengan de represalias o exposici\u00f3n al servicio de inmigraci\u00f3n<\/span><\/span><\/span><\/span><\/span><\/span><\/li>\n<\/ul>\n<\/li>\n<\/ul>\n<h3><em>Para la administraci\u00f3n de Biden y las agencias federales<\/em><\/h3>\n<ul>\n<li><span style=\"font-size:11.5pt; font-variant:normal; white-space:pre-wrap\"><span style=\"font-family:Georgia\"><span style=\"color:#000000\"><span style=\"font-weight:400\"><span style=\"font-style:normal\"><span style=\"text-decoration:none\">Acabar con todas las acciones coercidas por parte del sistema de inmigraci\u00f3n en localizaciones sensibles<\/span><\/span><\/span><\/span><\/span><\/span><\/li>\n<li><span style=\"font-size:11.5pt; font-variant:normal; white-space:pre-wrap\"><span style=\"font-family:Georgia\"><span style=\"color:#000000\"><span style=\"font-weight:400\"><span style=\"font-style:normal\"><span style=\"text-decoration:none\">Asegurar responsabilidad<\/span><\/span><\/span><\/span><\/span><\/span>\n<ul>\n<li><span style=\"font-size:11.5pt; font-variant:normal; white-space:pre-wrap\"><span style=\"font-family:Georgia\"><span style=\"color:#000000\"><span style=\"font-weight:400\"><span style=\"font-style:normal\"><span style=\"text-decoration:none\">\u200b\u200b\u200b\u200b\u200b\u200b\u200bCrear sistemas seguros y confiables para reportar violaciones de la pol\u00edtica de localizaciones sensibles por parte del sistema de inmigraci\u00f3n<\/span><\/span><\/span><\/span><\/span><\/span><\/li>\n<\/ul>\n<\/li>\n<\/ul>\n<h3><em><span style=\"font-size:11.5pt; font-variant:normal; white-space:pre-wrap\"><span style=\"font-family:Georgia\"><span style=\"color:#000000\"><span style=\"font-weight:400\"><span style=\"font-style:italic\"><span style=\"text-decoration:none\">Para agencias locales, estatales y federales<\/span><\/span><\/span><\/span><\/span><\/span><\/em><\/h3>\n<ul>\n<li><span style=\"font-size:11.5pt; font-variant:normal; white-space:pre-wrap\"><span style=\"font-family:Georgia\"><span style=\"color:#000000\"><span style=\"font-weight:400\"><span style=\"font-style:normal\"><span style=\"text-decoration:none\">Tomar acciones especificas para incluir a los inmigrantes indocumentados en esfuerzos de salud publica<\/span><\/span><\/span><\/span><\/span><\/span>\n<ul>\n<li><span style=\"font-size:11.5pt; font-variant:normal; white-space:pre-wrap\"><span style=\"font-family:Georgia\"><span style=\"color:#000000\"><span style=\"font-weight:400\"><span style=\"font-style:normal\"><span style=\"text-decoration:none\">\u200b\u200b\u200b\u200b\u200b\u200b\u200bReformar las pol\u00edticas existentes que permiten a la guardia nacional y a otros funcionarios de gobierno vestirse en ropa civil o en chalecos de tr\u00e1ficos mientras dirigen pruebas y vacunas de COVID-19<\/span><\/span><\/span><\/span><\/span><\/span><\/li>\n<li><span style=\"font-size:11.5pt; font-variant:normal; white-space:pre-wrap\"><span style=\"font-family:Georgia\"><span style=\"color:#000000\"><span style=\"font-weight:400\"><span style=\"font-style:normal\"><span style=\"text-decoration:none\">Diseminar informaci\u00f3n de salud publica en los lenguajes m\u00e1s comunes entre las poblaciones locales de inmigrantes, incluyendo lenguajes ind\u00edgenas cuando sea necesario<\/span><\/span><\/span><\/span><\/span><\/span><\/li>\n<li><span style=\"font-size:11.5pt; font-variant:normal; white-space:pre-wrap\"><span style=\"font-family:Georgia\"><span style=\"color:#000000\"><span style=\"font-weight:400\"><span style=\"font-style:normal\"><span style=\"text-decoration:none\">Aclarar que los datos personales que son recopilados en el proceso de vacunaci\u00f3n no van a ser compartidos con el servicio de inmigraci\u00f3n y agencias relacionadas, incluyendo a la polic\u00eda local<\/span><\/span><\/span><\/span><\/span><\/span>\n<ul>\n<li><span style=\"font-size:11.5pt; font-variant:normal; white-space:pre-wrap\"><span style=\"font-family:Georgia\"><span style=\"color:#000000\"><span style=\"font-weight:400\"><span style=\"font-style:normal\"><span style=\"text-decoration:none\">\u200b\u200b\u200b\u200b\u200b\u200b\u200bEl comit\u00e9 asesor de practicas de vacunaci\u00f3n por parte del CDC public\u00f3<\/span><\/span><\/span><\/span><\/span><\/span><a href=\"https:\/\/www.cdc.gov\/vaccines\/hcp\/acip-recs\/vacc-specific\/covid-19.html\" style=\"text-decoration:none\"><span style=\"font-size:11.5pt; font-variant:normal; white-space:pre-wrap\"><span style=\"font-family:Georgia\"><span style=\"color:#000000\"><span style=\"font-weight:400\"><span style=\"font-style:normal\"><span style=\"text-decoration:none\"> <\/span><\/span><\/span><\/span><\/span><\/span><span style=\"font-size:11.5pt; font-variant:normal; white-space:pre-wrap\"><span style=\"font-family:Georgia\"><span style=\"color:#1155cc\"><span style=\"font-weight:400\"><span style=\"font-style:normal\"><span style=\"text-decoration:underline\"><span style=\"-webkit-text-decoration-skip:none\"><span style=\"text-decoration-skip-ink:none\">directrices<\/span><\/span><\/span><\/span><\/span><\/span><\/span><\/span><\/a><span style=\"font-size:11.5pt; font-variant:normal; white-space:pre-wrap\"><span style=\"font-family:Georgia\"><span style=\"color:#000000\"><span style=\"font-weight:400\"><span style=\"font-style:normal\"><span style=\"text-decoration:none\"> en como distribuir la vacuna a los grupos prioritarios. Sin embargo, fallaron en indicar claramente como esas directrices aplican a todos, sin importar su estatus migratorio<\/span><\/span><\/span><\/span><\/span><\/span><\/li>\n<\/ul>\n<\/li>\n<\/ul>\n<\/li>\n<\/ul>\n<p>&nbsp;<\/p>\n","protected":false},"excerpt":{"rendered":"<p>Publicado en el 2011 y confirmado en el 2017, la pol\u00edtica de localizaciones sensibles que rige al Immigrations and Customs Enforcement (ICE) o el Servicio de inmigraci\u00f3n y aduanas proh\u00edbe que la agencia disponga de sus acciones coercidas en \u201clocalizaciones sensibles\u201d. Estas incluyen escuelas, lugares de culto, demonstraciones y hospitales, a menos que hayan \u201ccircunstancias [&hellip;]<\/p>\n","protected":false},"author":0,"featured_media":0,"parent":0,"menu_order":0,"comment_status":"closed","ping_status":"closed","template":"","meta":{"_acf_changed":false,"_relevanssi_hide_post":"","_relevanssi_hide_content":"","_relevanssi_pin_for_all":"","_relevanssi_pin_keywords":"","_relevanssi_unpin_keywords":"","_relevanssi_related_keywords":"","_relevanssi_related_include_ids":"","_relevanssi_related_exclude_ids":"","_relevanssi_related_no_append":"","_relevanssi_related_not_related":"","_relevanssi_related_posts":"","_relevanssi_noindex_reason":"","footnotes":""},"class_list":["post-2009","page","type-page","status-publish","hentry"],"acf":{"layout":"default","header-group":{"header-description":"","show-subnav":false,"hide-from-subnav":false},"components":[{"acf_fc_layout":"text","text":{"text":"Publicado en el 2011 y confirmado en el 2017, la<a href=\"https:\/\/www.ice.gov\/doclib\/ero-outreach\/pdf\/10029.2-policy.pdf\"> pol\u00edtica de localizaciones sensibles<\/a> que rige al Immigrations and Customs Enforcement (ICE) o el Servicio de inmigraci\u00f3n y aduanas proh\u00edbe que la agencia disponga de sus acciones coercidas en \u201clocalizaciones sensibles\u201d. Estas incluyen escuelas, lugares de culto, demonstraciones y hospitales, a menos que hayan \u201ccircunstancias extraordinarias\u201d. La protecci\u00f3n de las localizaciones sensibles de acciones coercidas de parte del servicio de inmigraci\u00f3n no es solamente importante para la supervivencia de las comunidades de inmigrantes, pero tambi\u00e9n para la identidad de este pa\u00eds como un refugio para aquellos que buscan una mejor vida.\n\nA\u00fan con estas pol\u00edticas y principios, hay un historial documentado de acciones coercidas de parte del Servicio de inmigraci\u00f3n que<a href=\"https:\/\/www.nhregister.com\/news\/article\/Blumenthal-pushes-to-protect-sensitive-12294845.php\"> violan<\/a> la promesa de respetar estas localizaciones. Por ejemplo, seis hombres fueron detenidos en Virginia mientras se iban de un albergue religioso para los desamparados. Otros ejemplos incluyen a una mujer texana que fue arrestada en el hospital aun cuando sufr\u00eda de un tumor cerebral y a un padre de Los \u00c1ngeles que fue arrestado mientras dejaba a su hija en la escuela. Este patr\u00f3n empeora a\u00fan m\u00e1s cuando se involucra la polic\u00eda local. Por ejemplo, al entrar en los acuerdos 287(g), oficiales de la polic\u00eda en<a href=\"https:\/\/www.researchgate.net\/publication\/280234453_The_287g_Program_The_Costs_and_Consequences_of_Local_Immigration_Enforcement_in_North_Carolina_Communities\"> Carolina del Norte<\/a> fueron grabados investigando cl\u00ednicas de salud en busca de pacientes indocumentados.\n\nEste documento sobre las pol\u00edticas de inmigraci\u00f3n resalta los obst\u00e1culos que previenen que inmigrantes de Mississippi puedan acceder a localizaciones sensibles. Mientras este documento se especializa en las facilidades m\u00e9dicas, hay muchos m\u00e1s lugares \u201cseguros\u201d que se mantienen inaccesibles para la comunidad. Al abordar en algunos casos en particulares, este escrito ofrece algunas recomendaciones acerca de lo que puede ser implementado para asegurar que las realidades vividas se asemejen a las pol\u00edticas y acciones coercidas de parte del Servicio de inmigraci\u00f3n."}},{"acf_fc_layout":"heading","heading":{"":null,"text":"OBSTACULOS PARA CUIDADO MEDICO","anchor":"","sub-heading":"","type":"h2","heading-style":"standard"}},{"acf_fc_layout":"text","text":{"text":"El 1 de febrero del 2021, el Departamento de Seguridad Nacional o Department of Homeland Security (DHS) lanzo p\u00fablicamente una<a href=\"https:\/\/www.dhs.gov\/news\/2021\/02\/01\/dhs-statement-equal-access-covid-19-vaccines-and-vaccine-distribution-sites\"> declaraci\u00f3n<\/a> donde afirm\u00f3 que no habr\u00eda acciones coercidas de parte del Servicio de inmigraci\u00f3n en los centros de vacunaci\u00f3n. Esto se debe a que sigue con la pol\u00edtica de evitar localizaciones sensibles. En sus palabras: \u201cEs una obligaci\u00f3n moral y para la salud publica que se garantice la vacunaci\u00f3n de todos los individuos que residen en los Estados Unidos\u201d. Este no es un compromiso ligero, ya que la comunidad indocumentada de Mississippi (de los cuales muchos son hispanos) se ha enfrentado este \u00faltimo a\u00f1o con riesgos y sufrimientos desproporcionados a la poblaci\u00f3n general.\n\nSeg\u00fan datos del Centro para el Control y la Prevenci\u00f3n de Enfermedades o Centers for Disease Control and Prevention (CDC), la comunidad hispana tiene una tasa de casos, hospitalizaciones y muertes por el COVID-19<a href=\"https:\/\/www.cdc.gov\/coronavirus\/2019-ncov\/covid-data\/investigations-discovery\/hospitalization-death-by-race-ethnicity.html\"> mayor<\/a> a cualquier otro grupo \u00e9tnico en los Estados Unidos, excepto la comunidad ind\u00edgena-americana. Esta realidad corresponde a un sinn\u00famero de factores que afectan desproporcionalmente a inmigrantes y a la comunidad hispana. Casi 1 de cinco<a href=\"https:\/\/www.fwd.us\/news\/immigrant-essential-workers\/\"> trabajadores esenciales<\/a> en los Estados Unidos son inmigrantes. Adem\u00e1s, casi el 70% de todos los inmigrantes indocumentados tienen trabajos de primera l\u00ednea en industrias esenciales. De estos,<a href=\"https:\/\/docs.house.gov\/meetings\/JU\/JU01\/20200923\/111028\/HHRG-116-JU01-Wstate-JawetzT-20200923.pdf\"> sobre 400,000<\/a> son proveedores de salud. Muchos son empleados por fabricas donde el distanciamiento social es muy dif\u00edcil o imposible. \n\nEsta comunidad sufre de una falta de seguros de salud generalizada, por lo que se debe mayormente al estatus migratorio de sus miembros. El Instituto de Pol\u00edtica Migratoria<a href=\"https:\/\/www.migrationpolicy.org\/data\/unauthorized-immigrant-population-preview\/state\/MS\"> estima<\/a> que un 75% de la poblaci\u00f3n indocumentada en Mississippi no son asegurados y que casi un 40% vive debajo de la l\u00ednea de pobreza. A\u00fan cuando los centros de vacunaci\u00f3n y pruebas<a href=\"https:\/\/www.cdc.gov\/coronavirus\/2019-ncov\/vaccines\/faq.html#:~:text=Vaccine%20doses%20purchased%20with%20US,the%20shot%20to%20someone\"> no cobran<\/a>, gastos de transportaci\u00f3n y tasas administrativas impiden a muchos de acceder estos recursos. \n\nLa pol\u00edtica de vacunaci\u00f3n del DHS sugiere que los funcionarios de gobierno garanticen que la recuperaci\u00f3n de los Estados Unidos del COVID-19 incluyan a los inmigrantes indocumentados. Adem\u00e1s, las experiencias vividas por esta comunidad durante esta pandemia enfatizan la responsabilidad del gobierno en comprometerse a esto. De igual manera, se necesita que las barreras sist\u00e9micas que crean obst\u00e1culos particulares para el acceso a cuidado m\u00e9dico de inmigrantes en Mississippi sean los primeros que sean abordado.<br> "}},{"acf_fc_layout":"heading","heading":{"":null,"text":"OTROS LUGARES PROTEGIDOS","anchor":"","sub-heading":"","type":"h2","heading-style":"standard"}},{"acf_fc_layout":"text","text":{"text":"Los lugares m\u00e9dicos no son las \u00fanicas localizaciones sensibles que tiene un historial reciente muy agresivo con las acciones coercidas de parte del servicio de inmigraci\u00f3n que interfieren con las vidas de inmigrantes. Esther tiene muchas memorias del miedo que sent\u00eda en la comunidad hispana mientras crec\u00eda en Pearl. \u201cMe acuerdo de que el numero de feligreses disminu\u00eda mucho\u2026 porque hab\u00eda el miedo de que \u2018si voy a la iglesia, hay una posibilidad que me pare la polic\u00eda y me reporten a ICE\u2019\u201d. Contrario a la pol\u00edtica de ICE, muchos de estos miedos se materializaban. \u201cmuchas personas iban a la iglesia y en cuanto sal\u00edan del servicio religioso, los paraba la polic\u00eda, los deten\u00eda ICE y antes de que supieras, te deportan a tu pa\u00eds de origen,\u201d cuenta Esther.\n\n\u201cYo me acuerdo ser chiquita y estar aterrorizada de \u201c\u00bfqu\u00e9 pasar\u00eda con mi familia? \u00bfA d\u00f3nde ir\u00edan mis padres? \u00bfA d\u00f3nde yo ir\u00eda?\u201d Lorena tambi\u00e9n se acuerda de aquel tiempo en que ICE estaba muy activo en sus arrestos en la comunidad hispana. Ella se acuerda cuando su hijo, a\u00fan cuando ella tiene ciudadan\u00eda, le pregunto, \u201cMam\u00e1, \u00bfque pasar\u00eda si te deportaran?\u201d\n\nEl costo de estas acciones coercidas de parte del servicio de inmigraci\u00f3n es muy alto y muchas de las veces recaen en los j\u00f3venes, lo que garantiza un da\u00f1o psicol\u00f3gico intergeneracional. La<a href=\"https:\/\/cmsny.org\/publications\/warren-usbornchildren\/\"> data<\/a> recopilada por el Centro de Estudios Migratorios sugiere que sobre 5 millones de ni\u00f1os nacidos en los Estados Unidos viven con padres indocumentados. Los pediatras<a href=\"https:\/\/www.kff.org\/report-section\/living-in-an-immigrant-family-in-america-issue-brief\/\"> advierten<\/a> que todos ellos est\u00e1n en riesgo de desarrollar \u201cestr\u00e9s toxico\u201d por el miedo sobre el estatus migratorio y por el aislamiento. Las familias no solamente se abstienen de ir a la iglesia, pero, seg\u00fan Esther, muchos padres titubean en matricular a sus hijos en la escuela por miedo de que sean identificados por su estatus migratorio. Para los miembros de la comunidad que est\u00e1n matriculados, muchos de ellos tienen que balancear sus responsabilidades acad\u00e9micas y los efectos psicol\u00f3gicos que sufrieron despu\u00e9s de la redada del 2019. Por ejemplo, algunos estudiantes luchan con mantenerse despiertos en las clases, ya que trabajan horas nocturnas en las fabricas de pollo. Esto lo m\u00e1s seguro se debe a que estas deportaciones en masa les robo a muchas familias de sus sustentadores econ\u00f3micos principales (por lo cual muchos ni\u00f1os fueron los remplazos).\n\nAun cuando cualquier pol\u00edtica de ICE o el memo de DHS sugiere otras realidades, los a\u00f1os de ataques dirigidos a las comunidades inmigrantes han obstruido el acceso a localizaciones sensibles. Por lo cual, se necesitan acciones m\u00e1s robustas para resolver estas circunstancias.\n\n<a href=\"https:\/\/www.aclu-ms.org\/app\/uploads\/drupal\/sites\/default\/files\/spanish_sensitive_locations.pdf\">Para ver el resumen completo, haga clic aqu\u00ed.<\/a>"}},{"acf_fc_layout":"divider","divider":{"divider_type":"hr"}},{"acf_fc_layout":"heading","heading":{"":null,"text":"RECOMENDACIONES","anchor":"","sub-heading":"","type":"h2","heading-style":"standard"}},{"acf_fc_layout":"heading","heading":{"":null,"text":"Para organismos estatales y locales","anchor":"","sub-heading":"","type":"h3","heading-style":"standard"}},{"acf_fc_layout":"text","text":{"text":"<ul><li>Promover diversidad e inclusi\u00f3n a trav\u00e9s de sitios m\u00e9dicos, incluyendo cl\u00ednicas privadas y facilidades rurales<ul><li>\u200b\u200b\u200b\u200b\u200b\u200b\u200bLlevar a cabo entrenamientos de aptitud cultural liderados por la comunidad dirigidos a todos los proveedores de salud<\/li><li>Contratar interpretes comunitarios y publicar que los servicios de traducci\u00f3n est\u00e1n disponibles y libres de costo<\/li><li>Implementar pol\u00edticas que atraigan proveedores de salud multiling\u00fces e inmigrantes, incluyendo la admisi\u00f3n y autorizaci\u00f3n de estudiantes de medicina sin importar su ciudadan\u00eda<\/li><\/ul><\/li><li>Asegurar responsabilidad<ul><li>\u200b\u200b\u200b\u200b\u200b\u200b\u200b\u200b\u200b\u200b\u200b\u200b\u200b\u200bCrear sistemas seguros y confiables para reportar cualquier discriminaci\u00f3n por parte de proveedores de salud y atender cualquier preocupaci\u00f3n que tengan de represalias o exposici\u00f3n al servicio de inmigraci\u00f3n<\/li><\/ul><\/li><\/ul>"}},{"acf_fc_layout":"heading","heading":{"":null,"text":"Para la administraci\u00f3n de Biden y las agencias federales","anchor":"","sub-heading":"","type":"h3","heading-style":"standard"}},{"acf_fc_layout":"text","text":{"text":"<ul><li>Acabar con todas las acciones coercidas por parte del sistema de inmigraci\u00f3n en localizaciones sensibles<\/li><li>Asegurar responsabilidad<ul><li>\u200b\u200b\u200b\u200b\u200b\u200b\u200bCrear sistemas seguros y confiables para reportar violaciones de la pol\u00edtica de localizaciones sensibles por parte del sistema de inmigraci\u00f3n<\/li><\/ul><\/li><\/ul>"}},{"acf_fc_layout":"heading","heading":{"":null,"text":"Para agencias locales, estatales y federales","anchor":"","sub-heading":"","type":"h3","heading-style":"standard"}},{"acf_fc_layout":"text","text":{"text":"<ul><li>Tomar acciones especificas para incluir a los inmigrantes indocumentados en esfuerzos de salud publica<ul><li>\u200b\u200b\u200b\u200b\u200b\u200b\u200bReformar las pol\u00edticas existentes que permiten a la guardia nacional y a otros funcionarios de gobierno vestirse en ropa civil o en chalecos de tr\u00e1ficos mientras dirigen pruebas y vacunas de COVID-19<\/li><li>Diseminar informaci\u00f3n de salud publica en los lenguajes m\u00e1s comunes entre las poblaciones locales de inmigrantes, incluyendo lenguajes ind\u00edgenas cuando sea necesario<\/li><li>Aclarar que los datos personales que son recopilados en el proceso de vacunaci\u00f3n no van a ser compartidos con el servicio de inmigraci\u00f3n y agencias relacionadas, incluyendo a la polic\u00eda local<ul><li>\u200b\u200b\u200b\u200b\u200b\u200b\u200bEl comit\u00e9 asesor de practicas de vacunaci\u00f3n por parte del CDC public\u00f3<a href=\"https:\/\/www.cdc.gov\/vaccines\/hcp\/acip-recs\/vacc-specific\/covid-19.html\"> directrices<\/a> en como distribuir la vacuna a los grupos prioritarios. Sin embargo, fallaron en indicar claramente como esas directrices aplican a todos, sin importar su estatus migratorio<\/li><\/ul><\/li><\/ul><\/li><\/ul>\n\n "}}],"section":null,"issues":[3218],"related_content":[2758,1983,1994,1971,1982,3737],"documents":null},"yoast_head":"<!-- This site is optimized with the Yoast SEO plugin v24.9 - https:\/\/yoast.com\/wordpress\/plugins\/seo\/ -->\n<title>Inalienable: Acceso a Localizaciones Sensibles - ACLU of Mississippi<\/title>\n<meta name=\"robots\" content=\"index, follow, max-snippet:-1, max-image-preview:large, max-video-preview:-1\" \/>\n<link rel=\"canonical\" href=\"https:\/\/www.aclu-ms.org\/es\/inalienable-acceso-localizaciones-sensibles\/\" \/>\n<meta property=\"og:locale\" content=\"es_ES\" \/>\n<meta property=\"og:type\" content=\"article\" \/>\n<meta property=\"og:title\" content=\"Inalienable: Acceso a Localizaciones Sensibles - ACLU of Mississippi\" \/>\n<meta property=\"og:description\" content=\"Publicado en el 2011 y confirmado en el 2017, la pol\u00edtica de localizaciones sensibles que rige al Immigrations and Customs Enforcement (ICE) o el Servicio de inmigraci\u00f3n y aduanas proh\u00edbe que la agencia disponga de sus acciones coercidas en \u201clocalizaciones sensibles\u201d. Estas incluyen escuelas, lugares de culto, demonstraciones y hospitales, a menos que hayan \u201ccircunstancias [&hellip;]\" \/>\n<meta property=\"og:url\" content=\"https:\/\/www.aclu-ms.org\/es\/inalienable-acceso-localizaciones-sensibles\/\" \/>\n<meta property=\"og:site_name\" content=\"ACLU of Mississippi\" \/>\n<meta property=\"og:image\" content=\"https:\/\/www.aclu-ms.org\/app\/themes\/aclu-parent\/img\/default_fb_share.jpg\" \/>\n<meta name=\"twitter:card\" content=\"summary_large_image\" \/>\n<script type=\"application\/ld+json\" class=\"yoast-schema-graph\">{\"@context\":\"https:\/\/schema.org\",\"@graph\":[{\"@type\":\"WebPage\",\"@id\":\"https:\/\/www.aclu-ms.org\/es\/inalienable-acceso-localizaciones-sensibles\/\",\"url\":\"https:\/\/www.aclu-ms.org\/es\/inalienable-acceso-localizaciones-sensibles\/\",\"name\":\"Inalienable: Acceso a Localizaciones Sensibles - ACLU of Mississippi\",\"isPartOf\":{\"@id\":\"https:\/\/www.aclu-ms.org\/#website\"},\"datePublished\":\"2021-04-02T03:00:00+00:00\",\"inLanguage\":\"es-ES\",\"potentialAction\":[{\"@type\":\"ReadAction\",\"target\":[\"https:\/\/www.aclu-ms.org\/es\/inalienable-acceso-localizaciones-sensibles\/\"]}]},{\"@type\":\"WebSite\",\"@id\":\"https:\/\/www.aclu-ms.org\/#website\",\"url\":\"https:\/\/www.aclu-ms.org\/\",\"name\":\"ACLU of Mississippi\",\"description\":\"\",\"publisher\":{\"@id\":\"https:\/\/www.aclu-ms.org\/#organization\"},\"potentialAction\":[{\"@type\":\"SearchAction\",\"target\":{\"@type\":\"EntryPoint\",\"urlTemplate\":\"https:\/\/www.aclu-ms.org\/?s={search_term_string}\"},\"query-input\":{\"@type\":\"PropertyValueSpecification\",\"valueRequired\":true,\"valueName\":\"search_term_string\"}}],\"inLanguage\":\"es-ES\"},{\"@type\":\"Organization\",\"@id\":\"https:\/\/www.aclu-ms.org\/#organization\",\"name\":\"ACLU of Mississippi\",\"url\":\"https:\/\/www.aclu-ms.org\/\",\"logo\":{\"@type\":\"ImageObject\",\"inLanguage\":\"es-ES\",\"@id\":\"https:\/\/www.aclu-ms.org\/#\/schema\/logo\/image\/\",\"url\":\"https:\/\/www.aclu-ms.org\/app\/uploads\/2025\/09\/ACLU-Mississippi_Color-Logo_RGB.png\",\"contentUrl\":\"https:\/\/www.aclu-ms.org\/app\/uploads\/2025\/09\/ACLU-Mississippi_Color-Logo_RGB.png\",\"width\":2084,\"height\":2084,\"caption\":\"ACLU of Mississippi\"},\"image\":{\"@id\":\"https:\/\/www.aclu-ms.org\/#\/schema\/logo\/image\/\"}}]}<\/script>\n<!-- \/ Yoast SEO plugin. -->","yoast_head_json":{"title":"Inalienable: Acceso a Localizaciones Sensibles - ACLU of Mississippi","robots":{"index":"index","follow":"follow","max-snippet":"max-snippet:-1","max-image-preview":"max-image-preview:large","max-video-preview":"max-video-preview:-1"},"canonical":"https:\/\/www.aclu-ms.org\/es\/inalienable-acceso-localizaciones-sensibles\/","og_locale":"es_ES","og_type":"article","og_title":"Inalienable: Acceso a Localizaciones Sensibles - ACLU of Mississippi","og_description":"Publicado en el 2011 y confirmado en el 2017, la pol\u00edtica de localizaciones sensibles que rige al Immigrations and Customs Enforcement (ICE) o el Servicio de inmigraci\u00f3n y aduanas proh\u00edbe que la agencia disponga de sus acciones coercidas en \u201clocalizaciones sensibles\u201d. Estas incluyen escuelas, lugares de culto, demonstraciones y hospitales, a menos que hayan \u201ccircunstancias [&hellip;]","og_url":"https:\/\/www.aclu-ms.org\/es\/inalienable-acceso-localizaciones-sensibles\/","og_site_name":"ACLU of Mississippi","og_image":[{"url":"https:\/\/www.aclu-ms.org\/app\/themes\/aclu-parent\/img\/default_fb_share.jpg","type":"","width":"","height":""}],"twitter_card":"summary_large_image","schema":{"@context":"https:\/\/schema.org","@graph":[{"@type":"WebPage","@id":"https:\/\/www.aclu-ms.org\/es\/inalienable-acceso-localizaciones-sensibles\/","url":"https:\/\/www.aclu-ms.org\/es\/inalienable-acceso-localizaciones-sensibles\/","name":"Inalienable: Acceso a Localizaciones Sensibles - ACLU of Mississippi","isPartOf":{"@id":"https:\/\/www.aclu-ms.org\/#website"},"datePublished":"2021-04-02T03:00:00+00:00","inLanguage":"es-ES","potentialAction":[{"@type":"ReadAction","target":["https:\/\/www.aclu-ms.org\/es\/inalienable-acceso-localizaciones-sensibles\/"]}]},{"@type":"WebSite","@id":"https:\/\/www.aclu-ms.org\/#website","url":"https:\/\/www.aclu-ms.org\/","name":"ACLU of Mississippi","description":"","publisher":{"@id":"https:\/\/www.aclu-ms.org\/#organization"},"potentialAction":[{"@type":"SearchAction","target":{"@type":"EntryPoint","urlTemplate":"https:\/\/www.aclu-ms.org\/?s={search_term_string}"},"query-input":{"@type":"PropertyValueSpecification","valueRequired":true,"valueName":"search_term_string"}}],"inLanguage":"es-ES"},{"@type":"Organization","@id":"https:\/\/www.aclu-ms.org\/#organization","name":"ACLU of Mississippi","url":"https:\/\/www.aclu-ms.org\/","logo":{"@type":"ImageObject","inLanguage":"es-ES","@id":"https:\/\/www.aclu-ms.org\/#\/schema\/logo\/image\/","url":"https:\/\/www.aclu-ms.org\/app\/uploads\/2025\/09\/ACLU-Mississippi_Color-Logo_RGB.png","contentUrl":"https:\/\/www.aclu-ms.org\/app\/uploads\/2025\/09\/ACLU-Mississippi_Color-Logo_RGB.png","width":2084,"height":2084,"caption":"ACLU of Mississippi"},"image":{"@id":"https:\/\/www.aclu-ms.org\/#\/schema\/logo\/image\/"}}]}},"distributor_meta":false,"distributor_terms":false,"distributor_media":false,"distributor_original_site_name":"ACLU of Mississippi","distributor_original_site_url":"https:\/\/www.aclu-ms.org\/es\/","push-errors":false,"_links":{"self":[{"href":"https:\/\/www.aclu-ms.org\/es\/wp-json\/wp\/v2\/pages\/2009","targetHints":{"allow":["GET"]}}],"collection":[{"href":"https:\/\/www.aclu-ms.org\/es\/wp-json\/wp\/v2\/pages"}],"about":[{"href":"https:\/\/www.aclu-ms.org\/es\/wp-json\/wp\/v2\/types\/page"}],"replies":[{"embeddable":true,"href":"https:\/\/www.aclu-ms.org\/es\/wp-json\/wp\/v2\/comments?post=2009"}],"version-history":[{"count":0,"href":"https:\/\/www.aclu-ms.org\/es\/wp-json\/wp\/v2\/pages\/2009\/revisions"}],"acf:post":[{"embeddable":true,"href":"https:\/\/www.aclu-ms.org\/es\/wp-json\/wp\/v2\/press_release\/3737"},{"embeddable":true,"href":"https:\/\/www.aclu-ms.org\/es\/wp-json\/wp\/v2\/pages\/1982"},{"embeddable":true,"href":"https:\/\/www.aclu-ms.org\/es\/wp-json\/wp\/v2\/pages\/1971"},{"embeddable":true,"href":"https:\/\/www.aclu-ms.org\/es\/wp-json\/wp\/v2\/pages\/1994"},{"embeddable":true,"href":"https:\/\/www.aclu-ms.org\/es\/wp-json\/wp\/v2\/pages\/1983"},{"embeddable":true,"href":"https:\/\/www.aclu-ms.org\/es\/wp-json\/wp\/v2\/campaign\/2758"},{"embeddable":true,"href":"https:\/\/www.aclu-ms.org\/es\/wp-json\/wp\/v2\/issue\/3218"}],"wp:attachment":[{"href":"https:\/\/www.aclu-ms.org\/es\/wp-json\/wp\/v2\/media?parent=2009"}],"curies":[{"name":"wp","href":"https:\/\/api.w.org\/{rel}","templated":true}]}}